{"id":7271,"date":"2021-12-20T11:48:03","date_gmt":"2021-12-20T10:48:03","guid":{"rendered":"http:\/\/rajmaluszka.cuwgm.pl\/?page_id=7271"},"modified":"2025-04-08T10:41:20","modified_gmt":"2025-04-08T08:41:20","slug":"deklaracja-dostepnosci","status":"publish","type":"page","link":"https:\/\/rajmaluszka.maslow.pl\/index.php\/deklaracja-dostepnosci\/","title":{"rendered":"Deklaracja dost\u0119pno\u015bci"},"content":{"rendered":"<div class=\"tresc\">\n<h1>Deklaracja dost\u0119pno\u015bci<\/h1>\n<section id=\"a11y-wstep\">\n<p><span id=\"a11y-podmiot\">\u017b\u0142obek Samorz\u0105dowy \u201cRAJ MALUSZKA\u201d w Domaszowicach<\/span> zobowi\u0105zuje si\u0119 zapewni\u0107 dost\u0119pno\u015b\u0107 swojej <span id=\"a11y-zakres\">strony internetowej<\/span> zgodnie z ustaw\u0105 z dnia 4 kwietnia 2019 r. o dost\u0119pno\u015bci cyfrowej stron internetowych i aplikacji mobilnych podmiot\u00f3w publicznych.<\/p>\n<p>Deklaracja dost\u0119pno\u015bci dotyczy strony <a id=\"a11y-url\" href=\"https:\/\/rajmaluszka.maslow.pl\/\" target=\"_blank\">https:\/\/rajmaluszka.maslow.pl\/<\/a>.<\/p>\n<\/section>\n<section>\n<ul>\n<li>Data publikacji strony internetowej: <time id=\"a11y-data-publikacja\" datetime=\"2016-01-18\">18 stycznia 2016 r.<\/time><\/li>\n<li>Data ostatniej istotnej aktualizacji: <time id=\"a11y-data-aktualizacja\" datetime=\"2021-09-01\">1 wrze\u015bnia 2021 r.<\/time><\/li>\n<\/ul>\n<\/section>\n<section>\n<h2>Stan dost\u0119pno\u015bci cyfrowej<\/h2>\n<p id=\"a11y-status\">Ta strona internetowa jest cz\u0119\u015bciowo zgodna z za\u0142\u0105cznikiem do ustawy o dost\u0119pno\u015bci cyfrowej z dnia 4 kwietnia 2019 r. o dost\u0119pno\u015bci cyfrowej stron internetowych i aplikacji mobilnych podmiot\u00f3w publicznych z powodu [niezgodno\u015bci i wy\u0142\u0105cze\u0144] wymienionych poni\u017cej.<\/p>\n<\/section>\n<section>\n<h2>Niedost\u0119pne tre\u015bci<\/h2>\n<section>\n<h3>Niezgodno\u015b\u0107 z za\u0142\u0105cznikiem<\/h3>\n<ul>\n<li>Brakuje informacji uprzedzaj\u0105cej u\u017cytkownika o otwarciu nowej karty lub okna przegl\u0105darki.<\/li>\n<li>W niekt\u00f3rych miejscach zastosowano odno\u015bniki, kt\u00f3re prowadz\u0105 do tego samego adresu URL, znajduj\u0105c si\u0119 bezpo\u015brednio obok siebie.<\/li>\n<li>Odno\u015bniki wyr\u00f3\u017cniono jedynie kolorem, co mo\u017ce by\u0107 niewystarczaj\u0105ce dla os\u00f3b z zaburzeniami widzenia.<\/li>\n<li>Wyst\u0119puj\u0105 kontekstowe hiper\u0142\u0105cza, kt\u00f3rych tre\u015b\u0107 nie wskazuje jednoznacznie, dok\u0105d prowadz\u0105.<\/li>\n<li>Na stronie u\u017cyto adres\u00f3w URL jako tre\u015bci odno\u015bnik\u00f3w, zamiast opisowego tekstu.<\/li>\n<li>W tre\u015bci znajduj\u0105 si\u0119 podkre\u015blone fragmenty, kt\u00f3re nie s\u0105 hiper\u0142\u0105czami, co mo\u017ce wprowadza\u0107 w b\u0142\u0105d.<\/li>\n<li>Cz\u0119\u015b\u0107 dokument\u00f3w (PDF, DOC, DOCX) nie spe\u0142nia wymog\u00f3w dost\u0119pno\u015bci cyfrowej &#8211; np. s\u0105 to skany bez rozpoznanego tekstu, zawieraj\u0105 b\u0142\u0119dy formatowania lub brak opis\u00f3w alternatywnych.<\/li>\n<li>Elementy graficzne (zdj\u0119cia, ikony, grafiki) zawieraj\u0105 b\u0142\u0119dne lub zbyt og\u00f3lne opisy alternatywne, a niekt\u00f3re nie posiadaj\u0105 ich wcale.<\/li>\n<li>W dokumentach osadzono filmy z serwisu YouTube, kt\u00f3re nie maj\u0105 dost\u0119pnych napis\u00f3w &#8211; co utrudnia korzystanie osobom nies\u0142ysz\u0105cym.<\/li>\n<li>Strona posiada b\u0142\u0119dn\u0105 struktur\u0119 nag\u0142\u00f3wk\u00f3w &#8211; pomijane s\u0105 poziomy lub brakuje nag\u0142\u00f3wka H1.<\/li>\n<li>Na stronie wyst\u0119puj\u0105 listy, kt\u00f3re nie zosta\u0142y oznaczone jako elementy listy w kodzie HTML.<\/li>\n<li>W wielu miejscach tekst zosta\u0142 wyjustowany, co mo\u017ce pogarsza\u0107 jego czytelno\u015b\u0107.<\/li>\n<li>W kodzie znajduj\u0105 si\u0119 odno\u015bniki z atrybutem <code>href=\"#\"<\/code>, kt\u00f3re nie wskazuj\u0105 konkretnego celu.<\/li>\n<li>W niekt\u00f3rych przypadkach zastosowano odniesienia z etykiet\u0105 ARIA, ale brak powi\u0105zanego celu.<\/li>\n<li>Niekt\u00f3re zdj\u0119cia lub grafiki pe\u0142ni\u0105ce funkcj\u0119 odno\u015bnik\u00f3w nie posiadaj\u0105 opisu alternatywnego w znaczniku ALT.<\/li>\n<li>Na stronie u\u017cyto trybu kontrastowego, kt\u00f3ry mo\u017ce nie spe\u0142nia\u0107 wymaga\u0144 WCAG w zakresie kontrastu tekstu wzgl\u0119dem t\u0142a.<\/li>\n<\/ul>\n<\/section>\n<\/section>\n<section>\n<h2>Przygotowanie deklaracji dost\u0119pno\u015bci<\/h2>\n<ul>\n<li>Data sporz\u0105dzenia deklaracji: <time id=\"a11y-data-sporzadzenie\" datetime=\"2021-09-01\">1 wrze\u015bnia 2021 r.<\/time><\/li>\n<li>Data ostatniego przegl\u0105du deklaracji: <time id=\"a11y-data-przeglad\" datetime=\"2025-03-31\">31 marca 2025 r.<\/time><\/li>\n<\/ul>\n<p>Deklaracj\u0119 sporz\u0105dzili\u015bmy na podstawie samooceny w oparciu o <a href=\"https:\/\/www.gov.pl\/attachment\/1a3e2bb5-6d60-4897-ac2f-07a8e91e70ed\">List\u0119 kontroln\u0105 do badania dost\u0119pno\u015bci cyfrowej strony internetowej v. 2.2 (docx, 0,12MB)<\/a>.<\/p>\n<\/section>\n<section>\n<h2>Informacje zwrotne i dane kontaktowe<\/h2>\n<p>Wszystkie problemy z dost\u0119pno\u015bci\u0105 cyfrow\u0105 tej strony internetowej mo\u017cesz zg\u0142osi\u0107 do <span id=\"a11y-kontakt\">Ma\u0142gorzata Wolska-D\u0142ugosz<\/span> &#8211; mejlowo <a id=\"a11y-email\" href=\"mailto:rajmaluszka@maslow.pl\">rajmaluszka@maslow.pl<\/a> lub telefonicznie <a id=\"a11y-telefon\" href=\"tel:+48502666426\">502 666 426<\/a>.<\/p>\n<p>Ka\u017cdy ma prawo wyst\u0105pi\u0107 z \u017c\u0105daniem zapewnienia dost\u0119pno\u015bci cyfrowej tej strony internetowej lub jej element\u00f3w.<\/p>\n<p>Zg\u0142aszaj\u0105c takie \u017c\u0105danie podaj:<\/p>\n<ul>\n<li>swoje imi\u0119 i nazwisko,<\/li>\n<li>swoje dane kontaktowe (np. numer telefonu, e-mail),<\/li>\n<li>dok\u0142adny adres strony internetowej, na kt\u00f3rej jest niedost\u0119pny cyfrowo element lub tre\u015b\u0107,<\/li>\n<li>opis na czym polega problem i jaki spos\u00f3b jego rozwi\u0105zania by\u0142by dla Ciebie najwygodniejszy.<\/li>\n<\/ul>\n<p>Na Twoje zg\u0142oszenie odpowiemy najszybciej jak to mo\u017cliwe, nie p\u00f3\u017aniej ni\u017c w ci\u0105gu 7 dni od jego otrzymania.<\/p>\n<p>Je\u017celi ten termin b\u0119dzie dla nas zbyt kr\u00f3tki poinformujemy Ci\u0119 o tym. W tej informacji podamy nowy termin, do kt\u00f3rego poprawimy zg\u0142oszone przez Ciebie b\u0142\u0119dy lub przygotujemy informacje w alternatywny spos\u00f3b. Ten nowy termin nie b\u0119dzie d\u0142u\u017cszy ni\u017c 2 miesi\u0105ce.<\/p>\n<p>Je\u017celi nie b\u0119dziemy w stanie zapewni\u0107 dost\u0119pno\u015bci cyfrowej strony internetowej lub tre\u015bci, wskazanej w Twoim \u017c\u0105daniu, zaproponujemy Ci dost\u0119p do nich w alternatywny spos\u00f3b.<\/p>\n<\/section>\n<section id=\"a11y-procedura\">\n<h2>Obs\u0142uga wniosk\u00f3w i skarg zwi\u0105zanych z dost\u0119pno\u015bci\u0105<\/h2>\n<p>Je\u017celi w odpowiedzi na Tw\u00f3j wniosek o zapewnienie dost\u0119pno\u015bci cyfrowej, odm\u00f3wimy zapewnienia \u017c\u0105danej przez Ciebie dost\u0119pno\u015bci cyfrowej, a Ty nie zgadzasz si\u0119 z t\u0105 odmow\u0105, masz prawo z\u0142o\u017cy\u0107 skarg\u0119.<\/p>\n<p>Skarg\u0119 masz prawo z\u0142o\u017cy\u0107 tak\u017ce, je\u015bli nie zgadzasz si\u0119 na skorzystanie z alternatywnego sposobu dost\u0119pu, kt\u00f3ry zaproponowali\u015bmy Ci w odpowiedzi na Tw\u00f3j wniosek o zapewnienie dost\u0119pno\u015bci cyfrowej.<\/p>\n<p>Ewentualn\u0105 skarg\u0119 z\u0142\u00f3\u017c listownie lub mailem do kierownictwa naszego urz\u0119du:<\/p>\n<ul>\n<li><span id=\"a11y-procedura-kierownik\">Ma\u0142gorzata Wolska-D\u0142ugosz &#8211; Dyrektor<\/span>,<\/li>\n<li>Adres: <span id=\"a11y-procedura-adres\">Domaszowice 205a, 25-351 Kielce<\/span>,<\/li>\n<li>mejl: <a id=\"a11y-procedura-email\" href=\"mailto:rajmaluszka@maslow.pl\">rajmaluszka@maslow.pl<\/a>.<\/li>\n<\/ul>\n<p><a href=\"https:\/\/www.gov.pl\/web\/gov\/zloz-wniosek-o-zapewnienie-dostepnosci-cyfrowej-strony-internetowej-lub-aplikacji-mobilnej\">Pomocne mog\u0105 by\u0107 informacje, kt\u00f3re mo\u017cna znale\u017a\u0107 na rz\u0105dowym portalu gov.pl<\/a>.<\/p>\n<p>Mo\u017cesz tak\u017ce poinformowa\u0107 o tej sytuacji <a href=\"https:\/\/bip.brpo.gov.pl\/\">Rzecznika Praw Obywatelskich<\/a> i poprosi\u0107 o interwencj\u0119 w Twojej sprawie.<\/p>\n<\/section>\n<section>\n<h2>Pozosta\u0142e informacje<\/h2>\n<section id=\"a11y-architektura\">\n<h3>Dost\u0119pno\u015b\u0107 architektoniczna<\/h3>\n<section>\n<p>\u017b\u0142obek Samorz\u0105dowy \u201eRaj Maluszka\u201d, adres: Domaszowice 205a, 25-351 Kielce. Jest to budynek jednokondygnacyjny z dost\u0119pnym bezp\u0142atnym parkingiem. Na parkingu znajduje si\u0119 miejsce dla os\u00f3b z niepe\u0142nosprawno\u015bci\u0105. Do budynku prowadz\u0105 dwa wej\u015bcia. Pierwsze wej\u015bcie od strony zachodniej budynku dostosowane jest do potrzeb os\u00f3b z niepe\u0142nosprawno\u015bci\u0105 ruchow\u0105 (z pochylni\u0105 dla w\u00f3zk\u00f3w inwalidzkich). Wej\u015bcie nr 2 to wej\u015bcie g\u0142\u00f3wne do budynku \u017b\u0142obka z zamontowanym podjazdem (szynami dla w\u00f3zk\u00f3w dzieci\u0119cych). Prowadz\u0105 do niego oszklone, podw\u00f3jne drzwi dwuskrzyd\u0142owe- wej\u015bcie przez jedno skrzyd\u0142o (mo\u017cliwo\u015b\u0107 otwarcia drugiego) otwierane r\u0119cznie na zewn\u0105trz. Nad wej\u015bciem nie ma g\u0142o\u015bnik\u00f3w systemu naprowadzaj\u0105cego d\u017awi\u0119kowo osoby niewidome i s\u0142abowidz\u0105ce. Szeroko\u015b\u0107 drzwi jest przystosowana do korzystania przez osoby poruszaj\u0105ce si\u0119 na w\u00f3zkach inwalidzkich . Jedna toaleta wewn\u0105trz budynku jest przystosowana do potrzeb os\u00f3b niepe\u0142nosprawnych. Do budynku i wszystkich jego pomieszcze\u0144 mo\u017cna wej\u015b\u0107 z psem asystuj\u0105cym i psem przewodnikiem. W budynku nie ma p\u0119tli indukcyjnych. W budynku nie ma oznacze\u0144 w alfabecie Braille\u2019a ani oznacze\u0144 kontrastowych lub w druku powi\u0119kszonym dla os\u00f3b niewidomych i s\u0142abowidz\u0105cych. Trzy osoby z personelu \u017c\u0142obka s\u0105 po szkoleniu podstawowym z PJM-polskiego j\u0119zyka migowego, mog\u0105 zatem porozumie\u0107 si\u0119 z osob\u0105 nies\u0142ysz\u0105c\u0105.<\/p>\n<\/section>\n<\/section>\n<section id=\"a11y-komunikacja\">\n<h3>Dost\u0119pno\u015b\u0107 komunikacyjno-informacyjna<\/h3>\n<p>Obecnie nie ma mo\u017cliwo\u015bci skorzystania z t\u0142umacza polskiego j\u0119zyka migowego (PJM) online.<\/p>\n<\/section>\n<\/section>\n<\/div>\n","protected":false},"excerpt":{"rendered":"<p>Deklaracja dost\u0119pno\u015bci \u017b\u0142obek Samorz\u0105dowy \u201cRAJ MALUSZKA\u201d w Domaszowicach zobowi\u0105zuje si\u0119 zapewni\u0107 dost\u0119pno\u015b\u0107 swojej strony internetowej zgodnie z ustaw\u0105 z dnia &hellip; <a href=\"https:\/\/rajmaluszka.maslow.pl\/index.php\/deklaracja-dostepnosci\/\" class=\"more-link\"><span class=\"more-button\">Czytaj dalej<span class=\"screen-reader-text\">Deklaracja dost\u0119pno\u015bci<\/span><\/span><\/a><\/p>\n","protected":false},"author":1,"featured_media":0,"parent":0,"menu_order":0,"comment_status":"closed","ping_status":"closed","template":"","meta":{"footnotes":""},"class_list":["post-7271","page","type-page","status-publish","hentry"],"_links":{"self":[{"href":"https:\/\/rajmaluszka.maslow.pl\/index.php\/wp-json\/wp\/v2\/pages\/7271","targetHints":{"allow":["GET"]}}],"collection":[{"href":"https:\/\/rajmaluszka.maslow.pl\/index.php\/wp-json\/wp\/v2\/pages"}],"about":[{"href":"https:\/\/rajmaluszka.maslow.pl\/index.php\/wp-json\/wp\/v2\/types\/page"}],"author":[{"embeddable":true,"href":"https:\/\/rajmaluszka.maslow.pl\/index.php\/wp-json\/wp\/v2\/users\/1"}],"replies":[{"embeddable":true,"href":"https:\/\/rajmaluszka.maslow.pl\/index.php\/wp-json\/wp\/v2\/comments?post=7271"}],"version-history":[{"count":7,"href":"https:\/\/rajmaluszka.maslow.pl\/index.php\/wp-json\/wp\/v2\/pages\/7271\/revisions"}],"predecessor-version":[{"id":7719,"href":"https:\/\/rajmaluszka.maslow.pl\/index.php\/wp-json\/wp\/v2\/pages\/7271\/revisions\/7719"}],"wp:attachment":[{"href":"https:\/\/rajmaluszka.maslow.pl\/index.php\/wp-json\/wp\/v2\/media?parent=7271"}],"curies":[{"name":"wp","href":"https:\/\/api.w.org\/{rel}","templated":true}]}}